{"id":3952,"date":"2024-05-06T13:25:59","date_gmt":"2024-05-06T11:25:59","guid":{"rendered":"https:\/\/www.librenmeta.org\/?page_id=3952"},"modified":"2025-03-02T19:44:30","modified_gmt":"2025-03-02T18:44:30","slug":"mentions-legales","status":"publish","type":"page","link":"https:\/\/www.librenmeta.org\/en\/mentions-legales\/","title":{"rendered":"Mentions L\u00e9gales"},"content":{"rendered":"<div data-elementor-type=\"wp-page\" data-elementor-id=\"3952\" class=\"elementor elementor-3952\">\n\t\t\t\t\t\t<section class=\"elementor-section elementor-top-section elementor-element elementor-element-804c973 elementor-section-stretched elementor-section-boxed elementor-section-height-default elementor-section-height-default\" data-id=\"804c973\" data-element_type=\"section\" data-e-type=\"section\" data-settings=\"{&quot;stretch_section&quot;:&quot;section-stretched&quot;,&quot;background_background&quot;:&quot;classic&quot;}\">\n\t\t\t\t\t\t<div class=\"elementor-container elementor-column-gap-default\">\n\t\t\t\t\t<div class=\"elementor-column elementor-col-100 elementor-top-column elementor-element elementor-element-16f1d1d\" data-id=\"16f1d1d\" data-element_type=\"column\" data-e-type=\"column\">\n\t\t\t<div class=\"elementor-widget-wrap elementor-element-populated\">\n\t\t\t\t\t\t<div class=\"elementor-element elementor-element-8720267 animated-fast elementor-widget elementor-widget-heading\" data-id=\"8720267\" data-element_type=\"widget\" data-e-type=\"widget\" data-settings=\"{&quot;_animation&quot;:&quot;none&quot;,&quot;_animation_tablet&quot;:&quot;none&quot;,&quot;_animation_delay&quot;:0}\" data-widget_type=\"heading.default\">\n\t\t\t\t<div class=\"elementor-widget-container\">\n\t\t\t\t\t<h2 class=\"elementor-heading-title elementor-size-default\">Mentions L\u00e9gales<\/h2>\t\t\t\t<\/div>\n\t\t\t\t<\/div>\n\t\t\t\t<div class=\"elementor-element elementor-element-5de0626 elementor-widget elementor-widget-text-editor\" data-id=\"5de0626\" data-element_type=\"widget\" data-e-type=\"widget\" data-widget_type=\"text-editor.default\">\n\t\t\t\t<div class=\"elementor-widget-container\">\n\t\t\t\t\t\t\t\t\t<p>Identit\u00e9 &amp; Coordonn\u00e9es<\/p>\t\t\t\t\t\t\t\t<\/div>\n\t\t\t\t<\/div>\n\t\t\t\t<div class=\"elementor-element elementor-element-ce57972 elementor-widget elementor-widget-text-editor\" data-id=\"ce57972\" data-element_type=\"widget\" data-e-type=\"widget\" data-widget_type=\"text-editor.default\">\n\t\t\t\t<div class=\"elementor-widget-container\">\n\t\t\t\t\t\t\t\t\t<p>L&rsquo;association Librenmeta\u00ae est d\u00e9clar\u00e9e par la sous pr\u00e9fecture de Barcelonnette sous le num\u00e9ro: W042003939, r\u00e9gie sous la loi du 1er juillet 1901 et sous le d\u00e9cret du 16 Aout 1901.<\/p><p><span style=\"text-decoration: underline;\">Siret :<\/span> 933 712 499 00013<\/p><p><span style=\"text-decoration: underline;\">Code APE :<\/span> 94.99Z<em><br \/><\/em><\/p><p><span style=\"text-decoration: underline;\">Pr\u00e9sidente de l&rsquo;association<\/span> : Chlo\u00e9 Ca\u00f1adas Durant<\/p><p><span style=\"text-decoration: underline;\">Adresse :<\/span> Centre Village, Lieu-dit Le lavoir, 04170 Thorame-Haute, France<\/p><p><span style=\"text-decoration: underline;\">Contacts<\/span> :\u00a0contact@librenmeta.org \/ +33 (0)6 79 64 64 57<\/p><p><span style=\"text-decoration: underline;\">Assurance Professionnelle\u00a0:<\/span> MAAF Assurances &#8211; 5 rue Beau de Rochas, 04000 Digne les Bains &#8211; 04 92 31 26 89<\/p>\t\t\t\t\t\t\t\t<\/div>\n\t\t\t\t<\/div>\n\t\t\t\t<div class=\"elementor-element elementor-element-107ca24 elementor-widget elementor-widget-text-editor\" data-id=\"107ca24\" data-element_type=\"widget\" data-e-type=\"widget\" data-widget_type=\"text-editor.default\">\n\t\t\t\t<div class=\"elementor-widget-container\">\n\t\t\t\t\t\t\t\t\t<p>\u00c9dition &amp; H\u00e9bergement<\/p>\t\t\t\t\t\t\t\t<\/div>\n\t\t\t\t<\/div>\n\t\t\t\t<div class=\"elementor-element elementor-element-cb77551 elementor-widget elementor-widget-text-editor\" data-id=\"cb77551\" data-element_type=\"widget\" data-e-type=\"widget\" data-widget_type=\"text-editor.default\">\n\t\t\t\t<div class=\"elementor-widget-container\">\n\t\t\t\t\t\t\t\t\t<p>Le site www.librenmeta.org est r\u00e9alis\u00e9 et publi\u00e9 par l&rsquo;Association Librenmeta\u00ae. Le nom de domaine et l&rsquo;h\u00e9bergement sont la propri\u00e9t\u00e9 de la SARL P\u00e9gase\u00ae, partenaire de l&rsquo;association.<\/p><p>Responsable de l\u2019\u00e9dition : Chlo\u00e9 Ca\u00f1adas Durant, <span style=\"text-decoration: underline;\">admin@librenmeta.org<\/span>, +33(0)6 79 64 64 57<\/p><p>Site h\u00e9berg\u00e9 par : OVH &#8211; 2 rue Kellermann, 59100 Roubaix, France &#8211; T\u00e9l : 1007<\/p><p>Logiciel : WordPress<\/p>\t\t\t\t\t\t\t\t<\/div>\n\t\t\t\t<\/div>\n\t\t\t\t<div class=\"elementor-element elementor-element-59a9e71 elementor-widget elementor-widget-text-editor\" data-id=\"59a9e71\" data-element_type=\"widget\" data-e-type=\"widget\" data-widget_type=\"text-editor.default\">\n\t\t\t\t<div class=\"elementor-widget-container\">\n\t\t\t\t\t\t\t\t\t<p>Acc\u00e8s au site<strong><br \/><\/strong><\/p>\t\t\t\t\t\t\t\t<\/div>\n\t\t\t\t<\/div>\n\t\t\t\t<div class=\"elementor-element elementor-element-1be7d95 elementor-widget elementor-widget-text-editor\" data-id=\"1be7d95\" data-element_type=\"widget\" data-e-type=\"widget\" data-widget_type=\"text-editor.default\">\n\t\t\t\t<div class=\"elementor-widget-container\">\n\t\t\t\t\t\t\t\t\t<p>Le site est accessible en tout endroit, 7j\/7, 24h\/24 sauf cas de force majeure, interruption programm\u00e9e ou non et pouvant d\u00e9couler d\u2019une n\u00e9cessit\u00e9 de maintenance.<\/p><p>En cas de modification, interruption ou suspension du site, l\u2019\u00c9diteur ne saurait \u00eatre tenu responsable.<\/p>\t\t\t\t\t\t\t\t<\/div>\n\t\t\t\t<\/div>\n\t\t\t\t<div class=\"elementor-element elementor-element-a8b2c1a elementor-widget elementor-widget-text-editor\" data-id=\"a8b2c1a\" data-element_type=\"widget\" data-e-type=\"widget\" data-widget_type=\"text-editor.default\">\n\t\t\t\t<div class=\"elementor-widget-container\">\n\t\t\t\t\t\t\t\t\t<p>Droits d\u2019auteur \u2013 copyright<\/p>\t\t\t\t\t\t\t\t<\/div>\n\t\t\t\t<\/div>\n\t\t\t\t<div class=\"elementor-element elementor-element-356589c elementor-widget elementor-widget-text-editor\" data-id=\"356589c\" data-element_type=\"widget\" data-e-type=\"widget\" data-widget_type=\"text-editor.default\">\n\t\t\t\t<div class=\"elementor-widget-container\">\n\t\t\t\t\t\t\t\t\t<p>Le site www.librenmeta.org rel\u00e8ve de la l\u00e9gislation fran\u00e7aise et internationale sur le droit d\u2019auteur et la propri\u00e9t\u00e9 intellectuelle. Tout le contenu du pr\u00e9sent site, incluant, de fa\u00e7on non limitative, les graphismes, images, textes, vid\u00e9os, logos, et ic\u00f4nes ainsi que leur mise en forme sont la propri\u00e9t\u00e9 exclusive de la soci\u00e9t\u00e9 ou font l\u2019objet d\u2019une autorisation d\u2019utilisation. La reproduction, la repr\u00e9sentation, le transfert, la distribution, ou l\u2019enregistrement de tout ou partie de ces \u00e9l\u00e9ments est formellement interdite sans l\u2019autorisation expresse de la soci\u00e9t\u00e9. <strong>En coh\u00e9rence avec leur \u00e9thique, aucune de ces demandes nomm\u00e9es ci-dessus ne seront autoris\u00e9es par l&rsquo;association Librenmeta\u00ae et son partenaire la SARL P\u00e9gase\u00ae.\u00a0<\/strong><\/p><p>Toute utilisation, reproduction, diffusion, commercialisation, modification de toute ou partie du site, sans autorisation de l\u2019\u00c9diteur est prohib\u00e9e et pourra entra\u00een\u00e9e des actions et poursuites judiciaires telles que notamment pr\u00e9vues par le Code de la propri\u00e9t\u00e9 intellectuelle et le Code civil.<\/p>\t\t\t\t\t\t\t\t<\/div>\n\t\t\t\t<\/div>\n\t\t\t\t<div class=\"elementor-element elementor-element-4dfd096 elementor-widget elementor-widget-text-editor\" data-id=\"4dfd096\" data-element_type=\"widget\" data-e-type=\"widget\" data-widget_type=\"text-editor.default\">\n\t\t\t\t<div class=\"elementor-widget-container\">\n\t\t\t\t\t\t\t\t\t<p>Protection des Donn\u00e9es Personnelles<\/p>\t\t\t\t\t\t\t\t<\/div>\n\t\t\t\t<\/div>\n\t\t\t\t<div class=\"elementor-element elementor-element-e54f636 elementor-widget elementor-widget-text-editor\" data-id=\"e54f636\" data-element_type=\"widget\" data-e-type=\"widget\" data-widget_type=\"text-editor.default\">\n\t\t\t\t<div class=\"elementor-widget-container\">\n\t\t\t\t\t\t\t\t\t<p>En France et dans l\u2019Union Europ\u00e9enne, les donn\u00e9es personnelles sont prot\u00e9g\u00e9es entre autres par les textes suivants : loi du 6 janvier 1978, article 226-13 du Code P\u00e9nal, Directive europ\u00e9enne du 24 octobre 1995. Vous trouverez la loi relative \u00e0 l\u2019informatique, aux fichiers et aux libert\u00e9s sur le site de la Commission Nationale de l\u2019Informatique et des Libert\u00e9s, \u00e0 l\u2019adresse suivante : <a href=\"http:\/\/www.cnil.fr\" target=\"_blank\" rel=\"noopener\">www.cnil.fr<\/a>.<\/p><p>Librenmeta\u00ae s\u2019engage \u00e0 respecter le caract\u00e8re confidentiel des informations personnelles recueillies sur le site. Vous trouverez tous les d\u00e9tails concernant la collecte et le traitement de vos donn\u00e9es dans notre <a href=\"https:\/\/www.librenmeta.org\/en\/politique-de-confidentialite\/\" target=\"_blank\" rel=\"noopener\">politique de confidentialit\u00e9<\/a>.<\/p>\t\t\t\t\t\t\t\t<\/div>\n\t\t\t\t<\/div>\n\t\t\t\t<div class=\"elementor-element elementor-element-d0a02ff elementor-widget elementor-widget-text-editor\" data-id=\"d0a02ff\" data-element_type=\"widget\" data-e-type=\"widget\" data-widget_type=\"text-editor.default\">\n\t\t\t\t<div class=\"elementor-widget-container\">\n\t\t\t\t\t\t\t\t\t<p>R\u00e8glement int\u00e9rieur<\/p>\t\t\t\t\t\t\t\t<\/div>\n\t\t\t\t<\/div>\n\t\t\t\t<div class=\"elementor-element elementor-element-b996baa elementor-widget elementor-widget-text-editor\" data-id=\"b996baa\" data-element_type=\"widget\" data-e-type=\"widget\" data-widget_type=\"text-editor.default\">\n\t\t\t\t<div class=\"elementor-widget-container\">\n\t\t\t\t\t\t\t\t\t<p>Vous pouvez consulter notre r\u00e8glement int\u00e9rieur en <a href=\"https:\/\/www.librenmeta.org\/wp-content\/uploads\/2024\/09\/2025.03.27_Reglement-Interieur_LBEM.pdf\" target=\"_blank\" rel=\"noopener\">cliquant ici<\/a>.<\/p>\t\t\t\t\t\t\t\t<\/div>\n\t\t\t\t<\/div>\n\t\t\t\t<div class=\"elementor-element elementor-element-31ce8e5 elementor-hidden-desktop elementor-hidden-tablet elementor-hidden-mobile elementor-widget elementor-widget-text-editor\" data-id=\"31ce8e5\" data-element_type=\"widget\" data-e-type=\"widget\" data-widget_type=\"text-editor.default\">\n\t\t\t\t<div class=\"elementor-widget-container\">\n\t\t\t\t\t\t\t\t\t<p>M\u00e9diation<\/p>\t\t\t\t\t\t\t\t<\/div>\n\t\t\t\t<\/div>\n\t\t\t\t<div class=\"elementor-element elementor-element-cc2fa4c elementor-hidden-desktop elementor-hidden-tablet elementor-hidden-mobile elementor-widget elementor-widget-text-editor\" data-id=\"cc2fa4c\" data-element_type=\"widget\" data-e-type=\"widget\" data-widget_type=\"text-editor.default\">\n\t\t\t\t<div class=\"elementor-widget-container\">\n\t\t\t\t\t\t\t\t\t<p>Conform\u00e9ment \u00e0 l\u2019article L. 612-1 du Code de la consommation, le consommateur, sous r\u00e9serve de l\u2019article L.612.2 du code de la consommation, a la facult\u00e9 d\u2019introduire une demande de r\u00e9solution amiable par voie de m\u00e9diation.<\/p><p>Librenmeta\u00ae a d\u00e9sign\u00e9, par adh\u00e9sion enregistr\u00e9e sous le num\u00e9ro 20221866, l\u2019<strong>Association des M\u00e9diateurs Europ\u00e9ens AME CONSO<\/strong>, comme entit\u00e9 de m\u00e9diation de la consommation.<br \/>En cas de litige entre le professionnel et le consommateur, ceux-ci s\u2019efforceront de trouver une solution amiable.<br \/>A d\u00e9faut d\u2019accord amiable, le consommateur a la possibilit\u00e9 de saisir gratuitement l\u2019Association des M\u00e9diateurs Europ\u00e9ens (AME CONSO), dans un d\u00e9lai d\u2019un an \u00e0 compter de la r\u00e9clamation \u00e9crite adress\u00e9e au professionnel.<\/p><p>La saisie du m\u00e9diateur de la consommation devra s\u2019effectuer :<br \/>\u2013 soit en compl\u00e9tant le formulaire pr\u00e9vu \u00e0 cet effet sur le site internet de l\u2019AME CONSO : <a href=\"http:\/\/www.mediationconso-ame.com\" target=\"_blank\" rel=\"noopener\">www.mediationconso-ame.com<\/a><br \/>\u2013 soit par courrier adress\u00e9 \u00e0 : AME CONSO, 197 Boulevard Saint-Germain, 75007 PARIS<\/p>\t\t\t\t\t\t\t\t<\/div>\n\t\t\t\t<\/div>\n\t\t\t\t<div class=\"elementor-element elementor-element-ab0a739 elementor-widget elementor-widget-text-editor\" data-id=\"ab0a739\" data-element_type=\"widget\" data-e-type=\"widget\" data-widget_type=\"text-editor.default\">\n\t\t\t\t<div class=\"elementor-widget-container\">\n\t\t\t\t\t\t\t\t\t<p>Formulaire de contact\u00a0\u00a0\u00a0 <strong><br \/><\/strong><\/p>\t\t\t\t\t\t\t\t<\/div>\n\t\t\t\t<\/div>\n\t\t\t\t<div class=\"elementor-element elementor-element-7bd7545 elementor-widget elementor-widget-text-editor\" data-id=\"7bd7545\" data-element_type=\"widget\" data-e-type=\"widget\" data-widget_type=\"text-editor.default\">\n\t\t\t\t<div class=\"elementor-widget-container\">\n\t\t\t\t\t\t\t\t\t<p>Pour acc\u00e9der au formulaire de contact veuillez <a href=\"https:\/\/www.librenmeta.org\/en\/contact\/\" target=\"_blank\" rel=\"noopener\">cliquer ici<\/a>.<\/p><p>Il est possible que le bloqueur de pop-up de votre navigateur emp\u00eache la confirmation d\u2019envoi. Si vous ne recevez pas de r\u00e9ponse sous 72h ouvrables, c\u2019est que votre message ne nous est pas parvenu. Si c\u2019est le cas, merci de bien vouloir r\u00e9it\u00e9rer votre d\u00e9marche en ouvrant un autre navigateur ou bien en nous envoyant un mail \u00e0 <span style=\"text-decoration: underline;\">contact@librenmeta.org<\/span>.<\/p>\t\t\t\t\t\t\t\t<\/div>\n\t\t\t\t<\/div>\n\t\t\t\t\t<\/div>\n\t\t<\/div>\n\t\t\t\t\t<\/div>\n\t\t<\/section>\n\t\t\t\t<\/div>","protected":false},"excerpt":{"rendered":"<p>Mentions L\u00e9gales Identit\u00e9 &amp; Coordonn\u00e9es L&rsquo;association Librenmeta\u00ae est d\u00e9clar\u00e9e par la sous pr\u00e9fecture de Barcelonnette sous le num\u00e9ro: W042003939, r\u00e9gie sous la loi du 1er juillet 1901 et sous le d\u00e9cret du 16 Aout 1901. Siret : 933 712 499 00013 Code APE : 94.99Z Pr\u00e9sidente de l&rsquo;association : Chlo\u00e9 Ca\u00f1adas Durant Adresse : Centre&hellip; <br \/> <a class=\"read-more\" href=\"https:\/\/www.librenmeta.org\/en\/mentions-legales\/\">Read more<\/a><\/p>","protected":false},"author":1,"featured_media":0,"parent":0,"menu_order":0,"comment_status":"closed","ping_status":"closed","template":"","meta":{"footnotes":""},"class_list":["post-3952","page","type-page","status-publish","hentry"],"yoast_head":"<!-- This site is optimized with the Yoast SEO plugin v27.4 - https:\/\/yoast.com\/product\/yoast-seo-wordpress\/ -->\n<title>Mentions L\u00e9gales - Librenmeta<\/title>\n<meta name=\"robots\" content=\"index, follow, max-snippet:-1, max-image-preview:large, max-video-preview:-1\" \/>\n<link rel=\"canonical\" href=\"https:\/\/www.librenmeta.org\/en\/mentions-legales\/\" \/>\n<meta property=\"og:locale\" content=\"en_GB\" \/>\n<meta property=\"og:type\" content=\"article\" \/>\n<meta property=\"og:title\" content=\"Mentions L\u00e9gales - Librenmeta\" \/>\n<meta property=\"og:description\" content=\"Mentions L\u00e9gales Identit\u00e9 &amp; Coordonn\u00e9es L&rsquo;association Librenmeta\u00ae est d\u00e9clar\u00e9e par la sous pr\u00e9fecture de Barcelonnette sous le num\u00e9ro: W042003939, r\u00e9gie sous la loi du 1er juillet 1901 et sous le d\u00e9cret du 16 Aout 1901. Siret : 933 712 499 00013 Code APE : 94.99Z Pr\u00e9sidente de l&rsquo;association : Chlo\u00e9 Ca\u00f1adas Durant Adresse : Centre&hellip; Read more\" \/>\n<meta property=\"og:url\" content=\"https:\/\/www.librenmeta.org\/en\/mentions-legales\/\" \/>\n<meta property=\"og:site_name\" content=\"Librenmeta\" \/>\n<meta property=\"article:modified_time\" content=\"2025-03-02T18:44:30+00:00\" \/>\n<meta name=\"twitter:card\" content=\"summary_large_image\" \/>\n<meta name=\"twitter:label1\" content=\"Estimated reading time\" \/>\n\t<meta name=\"twitter:data1\" content=\"4 minutes\" \/>\n<script type=\"application\/ld+json\" class=\"yoast-schema-graph\">{\"@context\":\"https:\\\/\\\/schema.org\",\"@graph\":[{\"@type\":\"WebPage\",\"@id\":\"https:\\\/\\\/www.librenmeta.org\\\/mentions-legales\\\/\",\"url\":\"https:\\\/\\\/www.librenmeta.org\\\/mentions-legales\\\/\",\"name\":\"Mentions L\u00e9gales - Librenmeta\",\"isPartOf\":{\"@id\":\"https:\\\/\\\/www.librenmeta.org\\\/#website\"},\"datePublished\":\"2024-05-06T11:25:59+00:00\",\"dateModified\":\"2025-03-02T18:44:30+00:00\",\"breadcrumb\":{\"@id\":\"https:\\\/\\\/www.librenmeta.org\\\/mentions-legales\\\/#breadcrumb\"},\"inLanguage\":\"en-GB\",\"potentialAction\":[{\"@type\":\"ReadAction\",\"target\":[\"https:\\\/\\\/www.librenmeta.org\\\/mentions-legales\\\/\"]}]},{\"@type\":\"BreadcrumbList\",\"@id\":\"https:\\\/\\\/www.librenmeta.org\\\/mentions-legales\\\/#breadcrumb\",\"itemListElement\":[{\"@type\":\"ListItem\",\"position\":1,\"name\":\"Accueil\",\"item\":\"https:\\\/\\\/www.librenmeta.org\\\/\"},{\"@type\":\"ListItem\",\"position\":2,\"name\":\"Mentions L\u00e9gales\"}]},{\"@type\":\"WebSite\",\"@id\":\"https:\\\/\\\/www.librenmeta.org\\\/#website\",\"url\":\"https:\\\/\\\/www.librenmeta.org\\\/\",\"name\":\"Librenmeta\",\"description\":\"La Libert\u00e9 d&#039;\u00catre Soi\",\"publisher\":{\"@id\":\"https:\\\/\\\/www.librenmeta.org\\\/#organization\"},\"potentialAction\":[{\"@type\":\"SearchAction\",\"target\":{\"@type\":\"EntryPoint\",\"urlTemplate\":\"https:\\\/\\\/www.librenmeta.org\\\/?s={search_term_string}\"},\"query-input\":{\"@type\":\"PropertyValueSpecification\",\"valueRequired\":true,\"valueName\":\"search_term_string\"}}],\"inLanguage\":\"en-GB\"},{\"@type\":\"Organization\",\"@id\":\"https:\\\/\\\/www.librenmeta.org\\\/#organization\",\"name\":\"Librenmeta\",\"url\":\"https:\\\/\\\/www.librenmeta.org\\\/\",\"logo\":{\"@type\":\"ImageObject\",\"inLanguage\":\"en-GB\",\"@id\":\"https:\\\/\\\/www.librenmeta.org\\\/#\\\/schema\\\/logo\\\/image\\\/\",\"url\":\"https:\\\/\\\/www.librenmeta.org\\\/wp-content\\\/uploads\\\/2025\\\/02\\\/cropped-cropped-logo-librenmeta.png\",\"contentUrl\":\"https:\\\/\\\/www.librenmeta.org\\\/wp-content\\\/uploads\\\/2025\\\/02\\\/cropped-cropped-logo-librenmeta.png\",\"width\":583,\"height\":298,\"caption\":\"Librenmeta\"},\"image\":{\"@id\":\"https:\\\/\\\/www.librenmeta.org\\\/#\\\/schema\\\/logo\\\/image\\\/\"}}]}<\/script>\n<!-- \/ Yoast SEO plugin. -->","yoast_head_json":{"title":"Mentions L\u00e9gales - Librenmeta","robots":{"index":"index","follow":"follow","max-snippet":"max-snippet:-1","max-image-preview":"max-image-preview:large","max-video-preview":"max-video-preview:-1"},"canonical":"https:\/\/www.librenmeta.org\/en\/mentions-legales\/","og_locale":"en_GB","og_type":"article","og_title":"Mentions L\u00e9gales - Librenmeta","og_description":"Mentions L\u00e9gales Identit\u00e9 &amp; Coordonn\u00e9es L&rsquo;association Librenmeta\u00ae est d\u00e9clar\u00e9e par la sous pr\u00e9fecture de Barcelonnette sous le num\u00e9ro: W042003939, r\u00e9gie sous la loi du 1er juillet 1901 et sous le d\u00e9cret du 16 Aout 1901. Siret : 933 712 499 00013 Code APE : 94.99Z Pr\u00e9sidente de l&rsquo;association : Chlo\u00e9 Ca\u00f1adas Durant Adresse : Centre&hellip; Read more","og_url":"https:\/\/www.librenmeta.org\/en\/mentions-legales\/","og_site_name":"Librenmeta","article_modified_time":"2025-03-02T18:44:30+00:00","twitter_card":"summary_large_image","twitter_misc":{"Estimated reading time":"4 minutes"},"schema":{"@context":"https:\/\/schema.org","@graph":[{"@type":"WebPage","@id":"https:\/\/www.librenmeta.org\/mentions-legales\/","url":"https:\/\/www.librenmeta.org\/mentions-legales\/","name":"Mentions L\u00e9gales - Librenmeta","isPartOf":{"@id":"https:\/\/www.librenmeta.org\/#website"},"datePublished":"2024-05-06T11:25:59+00:00","dateModified":"2025-03-02T18:44:30+00:00","breadcrumb":{"@id":"https:\/\/www.librenmeta.org\/mentions-legales\/#breadcrumb"},"inLanguage":"en-GB","potentialAction":[{"@type":"ReadAction","target":["https:\/\/www.librenmeta.org\/mentions-legales\/"]}]},{"@type":"BreadcrumbList","@id":"https:\/\/www.librenmeta.org\/mentions-legales\/#breadcrumb","itemListElement":[{"@type":"ListItem","position":1,"name":"Accueil","item":"https:\/\/www.librenmeta.org\/"},{"@type":"ListItem","position":2,"name":"Mentions L\u00e9gales"}]},{"@type":"WebSite","@id":"https:\/\/www.librenmeta.org\/#website","url":"https:\/\/www.librenmeta.org\/","name":"Librenmeta","description":"La Libert\u00e9 d&#039;\u00catre Soi","publisher":{"@id":"https:\/\/www.librenmeta.org\/#organization"},"potentialAction":[{"@type":"SearchAction","target":{"@type":"EntryPoint","urlTemplate":"https:\/\/www.librenmeta.org\/?s={search_term_string}"},"query-input":{"@type":"PropertyValueSpecification","valueRequired":true,"valueName":"search_term_string"}}],"inLanguage":"en-GB"},{"@type":"Organization","@id":"https:\/\/www.librenmeta.org\/#organization","name":"Librenmeta","url":"https:\/\/www.librenmeta.org\/","logo":{"@type":"ImageObject","inLanguage":"en-GB","@id":"https:\/\/www.librenmeta.org\/#\/schema\/logo\/image\/","url":"https:\/\/www.librenmeta.org\/wp-content\/uploads\/2025\/02\/cropped-cropped-logo-librenmeta.png","contentUrl":"https:\/\/www.librenmeta.org\/wp-content\/uploads\/2025\/02\/cropped-cropped-logo-librenmeta.png","width":583,"height":298,"caption":"Librenmeta"},"image":{"@id":"https:\/\/www.librenmeta.org\/#\/schema\/logo\/image\/"}}]}},"_links":{"self":[{"href":"https:\/\/www.librenmeta.org\/en\/wp-json\/wp\/v2\/pages\/3952","targetHints":{"allow":["GET"]}}],"collection":[{"href":"https:\/\/www.librenmeta.org\/en\/wp-json\/wp\/v2\/pages"}],"about":[{"href":"https:\/\/www.librenmeta.org\/en\/wp-json\/wp\/v2\/types\/page"}],"author":[{"embeddable":true,"href":"https:\/\/www.librenmeta.org\/en\/wp-json\/wp\/v2\/users\/1"}],"replies":[{"embeddable":true,"href":"https:\/\/www.librenmeta.org\/en\/wp-json\/wp\/v2\/comments?post=3952"}],"version-history":[{"count":2,"href":"https:\/\/www.librenmeta.org\/en\/wp-json\/wp\/v2\/pages\/3952\/revisions"}],"predecessor-version":[{"id":5238,"href":"https:\/\/www.librenmeta.org\/en\/wp-json\/wp\/v2\/pages\/3952\/revisions\/5238"}],"wp:attachment":[{"href":"https:\/\/www.librenmeta.org\/en\/wp-json\/wp\/v2\/media?parent=3952"}],"curies":[{"name":"wp","href":"https:\/\/api.w.org\/{rel}","templated":true}]}}